{"id":671,"date":"2025-09-09T09:32:56","date_gmt":"2025-09-09T09:32:56","guid":{"rendered":"https:\/\/embacarp.com\/nimf-15\/"},"modified":"2025-09-09T10:27:56","modified_gmt":"2025-09-09T10:27:56","slug":"nimf-15","status":"publish","type":"page","link":"https:\/\/embacarp.com\/ca\/nimf-15\/","title":{"rendered":"NIMF-15"},"content":{"rendered":"\n<div class=\"wp-block-cover alignfull wp-duotone-dark-grayscale\"><img loading=\"lazy\" decoding=\"async\" width=\"1024\" height=\"1024\" class=\"wp-block-cover__image-background wp-image-34 size-large\" alt=\"\" src=\"https:\/\/embacarp.com\/wp-content\/uploads\/2020\/05\/embalajeindustrial-1024x1024.jpg\" data-object-fit=\"cover\" srcset=\"https:\/\/embacarp.com\/wp-content\/uploads\/2020\/05\/embalajeindustrial-1024x1024.jpg 1024w, https:\/\/embacarp.com\/wp-content\/uploads\/2020\/05\/embalajeindustrial-300x300.jpg 300w, https:\/\/embacarp.com\/wp-content\/uploads\/2020\/05\/embalajeindustrial-150x150.jpg 150w, https:\/\/embacarp.com\/wp-content\/uploads\/2020\/05\/embalajeindustrial-768x768.jpg 768w, https:\/\/embacarp.com\/wp-content\/uploads\/2020\/05\/embalajeindustrial-1536x1536.jpg 1536w, https:\/\/embacarp.com\/wp-content\/uploads\/2020\/05\/embalajeindustrial-732x732.jpg 732w, https:\/\/embacarp.com\/wp-content\/uploads\/2020\/05\/embalajeindustrial-1140x1140.jpg 1140w, https:\/\/embacarp.com\/wp-content\/uploads\/2020\/05\/embalajeindustrial.jpg 1706w\" sizes=\"auto, (max-width: 1024px) 100vw, 1024px\" \/><span aria-hidden=\"true\" class=\"wp-block-cover__background has-ast-global-color-0-background-color has-background-dim\"><\/span><div class=\"wp-block-cover__inner-container is-layout-constrained wp-block-cover-is-layout-constrained\">\n<p class=\"has-text-align-center has-ast-global-color-1-color has-text-color has-link-color has-large-font-size wp-elements-2c430464a4bdb36cff83b063870b7525\"><strong><strong>Embalatges de fusta certificats NIMF-15<\/strong><\/strong><\/p>\n\n\n\n<p class=\"has-text-align-center has-ast-global-color-4-color has-text-color has-link-color wp-elements-7c721f5c6a6f3b8410637a4abdb7978e\"><strong>La garantia internacional per exportar sense riscos ni retards.<\/strong><\/p>\n\n\n\n<div class=\"wp-block-buttons is-content-justification-center is-layout-flex wp-container-core-buttons-is-layout-a89b3969 wp-block-buttons-is-layout-flex\">\n<div class=\"wp-block-button\"><a class=\"wp-block-button__link wp-element-button\" href=\"https:\/\/embacarp.com\/ca\/contacte\/\">SOL\u00b7LICITAR PRESSUPOST<\/a><\/div>\n<\/div>\n\n\n\n<figure class=\"wp-block-image aligncenter size-full is-resized wp-duotone-rgb255255255-rgb255255255-1\"><img loading=\"lazy\" decoding=\"async\" width=\"300\" height=\"226\" src=\"https:\/\/embacarp.com\/wp-content\/uploads\/2025\/09\/NIMF-15.png\" alt=\"\" class=\"wp-image-531\" style=\"width:116px;height:auto\" srcset=\"https:\/\/embacarp.com\/wp-content\/uploads\/2025\/09\/NIMF-15.png 300w, https:\/\/embacarp.com\/wp-content\/uploads\/2025\/09\/NIMF-15-212x160.png 212w\" sizes=\"auto, (max-width: 300px) 100vw, 300px\" \/><\/figure>\n<\/div><\/div>\n\n\n\n<div class=\"wp-block-cover alignfull is-light\"><span aria-hidden=\"true\" class=\"wp-block-cover__background has-background-dim-100 has-background-dim\" style=\"background-color:#bc9d6c\"><\/span><div class=\"wp-block-cover__inner-container is-layout-flow wp-block-cover-is-layout-flow\">\n<h3 class=\"wp-block-heading has-text-align-center has-ast-global-color-4-color has-text-color has-link-color has-large-font-size wp-elements-8e72ad2493ea3afd3dfa0eb09cc01ece\">Qu\u00e8 \u00e9s la NIMF-15?<\/h3>\n\n\n\n<hr class=\"wp-block-separator has-alpha-channel-opacity is-style-wide\"\/>\n\n\n\n<p class=\"has-text-align-center\">La <strong>Norma Internacional per a Mesures Fitosanit\u00e0ries n\u00fam. 15 (NIMF-15)<\/strong> regula l&#8217;embalatge de fusta utilitzat en el comer\u00e7 internacional, amb l&#8217;objectiu d&#8217;<strong>evitar la propagaci\u00f3 de plagues i malalties<\/strong>.<br>Per complir-la, tot embalatge de fusta ha de rebre un tractament fitosanitari i portar el <strong>marcatge oficial<\/strong> que l&#8217;identifica.<\/p>\n<\/div><\/div>\n\n\n\n<div class=\"wp-block-cover alignfull\"><span aria-hidden=\"true\" class=\"wp-block-cover__background has-ast-global-color-0-background-color has-background-dim-100 has-background-dim\"><\/span><div class=\"wp-block-cover__inner-container is-layout-constrained wp-block-cover-is-layout-constrained\">\n<h3 class=\"wp-block-heading has-text-align-center has-ast-global-color-1-color has-text-color has-link-color has-large-font-size wp-elements-a7fdb3af88c9e61a4f7bc110fe0946e0\">NIMF-15<\/h3>\n\n\n\n<hr class=\"wp-block-separator has-text-color has-ast-global-color-1-color has-alpha-channel-opacity has-ast-global-color-1-background-color has-background is-style-wide\"\/>\n\n\n\n<div class=\"wp-block-columns is-layout-flex wp-container-core-columns-is-layout-28f84493 wp-block-columns-is-layout-flex\">\n<div class=\"wp-block-column is-layout-flow wp-block-column-is-layout-flow\">\n<p class=\"has-ast-global-color-5-color has-text-color has-link-color has-medium-font-size wp-elements-c89f971e2466fecb5374b0becbf9e46b\"><strong>Tractaments autoritzats<\/strong><\/p>\n\n\n\n<p class=\"has-ast-global-color-4-color has-text-color has-link-color wp-elements-17591027c3a1b80fec32728ded04bf5c\"><strong>Tractament t\u00e8rmic (HT)<\/strong>: la fusta s&#8217;escalfa fins a assolir 56 \u00b0C al centre durant almenys 30 minuts.<\/p>\n\n\n\n<p class=\"has-ast-global-color-1-color has-text-color has-link-color wp-elements-5422e1ca0b65dce4bd5220523cfd24ed\"><strong>Escalfament diel\u00e8ctric (DH)<\/strong>: aplicaci\u00f3 de calor mitjan\u00e7ant equips el\u00e8ctrics especialitzats.<\/p>\n\n\n\n<p class=\"has-ast-global-color-4-color has-text-color has-link-color wp-elements-c4e57e1f6b329dcb3c6196857e18e14b\"><strong>Fumigaci\u00f3 amb bromur de metil (MB)<\/strong>: tot i que est\u00e0 permesa, es recomana evitar-la pels seus efectes ambientals<\/p>\n<\/div>\n\n\n\n<div class=\"wp-block-column is-layout-flow wp-block-column-is-layout-flow\">\n<p class=\"has-ast-global-color-5-color has-text-color has-link-color has-medium-font-size wp-elements-03d9eca4789af5b2896d8fe82ed85caa\">Marcatge obligatori<\/p>\n\n\n\n<p class=\"has-ast-global-color-4-color has-text-color has-link-color wp-elements-b6f9755c0cacb9045aa7b9f4c7e2ba20\">Cada embalatge certificat NIMF-15 ha de portar una marca visible amb:<\/p>\n\n\n\n<p class=\"has-ast-global-color-4-color has-text-color has-link-color wp-elements-efbd1fcebf2e2429639c6a32090a51ff\">Tipus de tractament aplicat<\/p>\n\n\n\n<p class=\"has-ast-global-color-1-color has-text-color has-link-color wp-elements-e0732b6d2ee681852989bd286691534e\">Codi del pa\u00eds (p. ex., <em>ES<\/em> per a Espanya).<\/p>\n\n\n\n<p class=\"has-ast-global-color-1-color has-text-color has-link-color wp-elements-d5f457aac8eb8a70d66ed4386a21ce0e\">N\u00famero de registre del fabricant autoritzat.<\/p>\n<\/div>\n\n\n\n<div class=\"wp-block-column is-layout-flow wp-block-column-is-layout-flow\">\n<p class=\"has-ast-global-color-5-color has-text-color has-link-color has-medium-font-size wp-elements-4321d75305b91cece9747bf468e2bafe\">Avantatges de la certificaci\u00f3 NIMF-15<\/p>\n\n\n\n<ul class=\"wp-block-list\">\n<li class=\"has-ast-global-color-1-color has-text-color has-link-color wp-elements-86015c04af52b953e0d20932a448710f\"><strong>Lliure circulaci\u00f3 internacional<\/strong> \u2192 evita sancions i retards a les duanes.<\/li>\n\n\n\n<li><strong>Protecci\u00f3 ambiental<\/strong> \u2192 prev\u00e9 la propagaci\u00f3 de plagues entre pa\u00efsos.<\/li>\n\n\n\n<li class=\"has-ast-global-color-1-color has-text-color has-link-color wp-elements-a2694dcc3aaf0caf708d4576e0778155\"><strong>Reconeixement mundial<\/strong> \u2192 norma acceptada per la majoria de pa\u00efsos.<\/li>\n\n\n\n<li><strong>Seguretat en els enviaments<\/strong> \u2192 embalatges resistents i fiables.<\/li>\n<\/ul>\n<\/div>\n<\/div>\n<\/div><\/div>\n\n\n\n<div class=\"wp-block-cover alignfull\" style=\"min-height:50vh;aspect-ratio:unset;\"><span aria-hidden=\"true\" class=\"wp-block-cover__background has-ast-global-color-1-background-color has-background-dim-100 has-background-dim\"><\/span><div class=\"wp-block-cover__inner-container is-layout-constrained wp-block-cover-is-layout-constrained\">\n<h3 class=\"wp-block-heading has-text-align-center has-ast-global-color-0-color has-text-color has-link-color has-large-font-size wp-elements-a1cfe2b150e86f0651503c05b659030b\">El comprom\u00eds d&#8217;EMBACARP<\/h3>\n\n\n\n<hr class=\"wp-block-separator has-text-color has-ast-global-color-0-color has-alpha-channel-opacity has-ast-global-color-0-background-color has-background is-style-wide\"\/>\n\n\n\n<p class=\"has-text-align-center has-ast-global-color-4-color has-text-color has-link-color has-medium-font-size wp-elements-c92256afd644689ba31f2c834affe727\">A Embacarp, tots els nostres <strong>palets, caixes, g\u00e0bies i embalatges de fusta<\/strong> compleixen la normativa NIMF-15.<br>Aix\u00f2 assegura que cada client pugui exportar els seus productes amb total tranquil\u00b7litat, sabent que els seus enviaments compleixen la normativa fitosanit\u00e0ria internacional.<\/p>\n\n\n\n<figure class=\"wp-block-image aligncenter size-full is-resized wp-duotone-dark-grayscale\"><img loading=\"lazy\" decoding=\"async\" width=\"300\" height=\"48\" src=\"https:\/\/embacarp.com\/wp-content\/uploads\/2020\/07\/logoembacarpNEG.png\" alt=\"\" class=\"wp-image-357\" style=\"width:248px;height:auto\" srcset=\"https:\/\/embacarp.com\/wp-content\/uploads\/2020\/07\/logoembacarpNEG.png 300w, https:\/\/embacarp.com\/wp-content\/uploads\/2020\/07\/logoembacarpNEG-263x42.png 263w\" sizes=\"auto, (max-width: 300px) 100vw, 300px\" \/><\/figure>\n<\/div><\/div>\n\n\n\n<div class=\"wp-block-cover alignfull\"><span aria-hidden=\"true\" class=\"wp-block-cover__background has-ast-global-color-4-background-color has-background-dim-100 has-background-dim\"><\/span><div class=\"wp-block-cover__inner-container is-layout-constrained wp-block-cover-is-layout-constrained\">\n<div class=\"wp-block-media-text is-stacked-on-mobile\"><figure class=\"wp-block-media-text__media\"><img loading=\"lazy\" decoding=\"async\" width=\"1024\" height=\"682\" src=\"https:\/\/embacarp.com\/wp-content\/uploads\/2025\/09\/embacarp_nave-1024x682.jpg\" alt=\"\" class=\"wp-image-723 size-full\" srcset=\"https:\/\/embacarp.com\/wp-content\/uploads\/2025\/09\/embacarp_nave-1024x682.jpg 1024w, https:\/\/embacarp.com\/wp-content\/uploads\/2025\/09\/embacarp_nave-300x200.jpg 300w, https:\/\/embacarp.com\/wp-content\/uploads\/2025\/09\/embacarp_nave-768x511.jpg 768w, https:\/\/embacarp.com\/wp-content\/uploads\/2025\/09\/embacarp_nave-1536x1023.jpg 1536w, https:\/\/embacarp.com\/wp-content\/uploads\/2025\/09\/embacarp_nave-600x400.jpg 600w, https:\/\/embacarp.com\/wp-content\/uploads\/2025\/09\/embacarp_nave-240x160.jpg 240w, https:\/\/embacarp.com\/wp-content\/uploads\/2025\/09\/embacarp_nave.jpg 2000w\" sizes=\"auto, (max-width: 1024px) 100vw, 1024px\" \/><\/figure><div class=\"wp-block-media-text__content\">\n<h3 class=\"wp-block-heading has-ast-global-color-1-color has-text-color has-link-color wp-elements-9841970402db3b0720375d1eb0c93ea7\">Sol\u00b7liciteu pressupost sense comprom\u00eds<\/h3>\n\n\n\n<hr class=\"wp-block-separator has-text-color has-ast-global-color-1-color has-alpha-channel-opacity has-ast-global-color-1-background-color has-background is-style-wide\"\/>\n\n\n\n<p><strong><strong>Amb Embacarp, el seu embalatge est\u00e0 a punt per creuar fronteres.<\/strong><\/strong><\/p>\n\n\n\n<p>\ud83d\udccd Pol. Ind. Riu-Clar, C\/Mercuri 7, Tarragona<br>\ud83d\udcde 977 54 08 13 \u00b7 \ud83d\udcf1 607 962 644<br>\u2709\ufe0f <a href=\"mailto:comercial@embacarp.com\">comercial@embacarp.com<\/a><\/p>\n\n\n\n<div class=\"wp-block-buttons is-content-justification-left is-layout-flex wp-container-core-buttons-is-layout-fc4fd283 wp-block-buttons-is-layout-flex\">\n<div class=\"wp-block-button\"><a class=\"wp-block-button__link wp-element-button\" href=\"https:\/\/embacarp.com\/ca\/contacte\/\">SOL\u00b7LICITAR PRESSUPOST<\/a><\/div>\n<\/div>\n<\/div><\/div>\n<\/div><\/div>\n","protected":false},"excerpt":{"rendered":"","protected":false},"author":1,"featured_media":0,"parent":0,"menu_order":0,"comment_status":"closed","ping_status":"closed","template":"","meta":{"site-sidebar-layout":"default","site-content-layout":"","ast-site-content-layout":"default","site-content-style":"default","site-sidebar-style":"default","ast-global-header-display":"","ast-banner-title-visibility":"","ast-main-header-display":"","ast-hfb-above-header-display":"","ast-hfb-below-header-display":"","ast-hfb-mobile-header-display":"","site-post-title":"","ast-breadcrumbs-content":"","ast-featured-img":"","footer-sml-layout":"","ast-disable-related-posts":"","theme-transparent-header-meta":"","adv-header-id-meta":"","stick-header-meta":"","header-above-stick-meta":"","header-main-stick-meta":"","header-below-stick-meta":"","astra-migrate-meta-layouts":"default","ast-page-background-enabled":"default","ast-page-background-meta":{"desktop":{"background-color":"var(--ast-global-color-5)","background-image":"","background-repeat":"repeat","background-position":"center center","background-size":"auto","background-attachment":"scroll","background-type":"","background-media":"","overlay-type":"","overlay-color":"","overlay-opacity":"","overlay-gradient":""},"tablet":{"background-color":"","background-image":"","background-repeat":"repeat","background-position":"center center","background-size":"auto","background-attachment":"scroll","background-type":"","background-media":"","overlay-type":"","overlay-color":"","overlay-opacity":"","overlay-gradient":""},"mobile":{"background-color":"","background-image":"","background-repeat":"repeat","background-position":"center center","background-size":"auto","background-attachment":"scroll","background-type":"","background-media":"","overlay-type":"","overlay-color":"","overlay-opacity":"","overlay-gradient":""}},"ast-content-background-meta":{"desktop":{"background-color":"var(--ast-global-color-4)","background-image":"","background-repeat":"repeat","background-position":"center center","background-size":"auto","background-attachment":"scroll","background-type":"","background-media":"","overlay-type":"","overlay-color":"","overlay-opacity":"","overlay-gradient":""},"tablet":{"background-color":"var(--ast-global-color-4)","background-image":"","background-repeat":"repeat","background-position":"center center","background-size":"auto","background-attachment":"scroll","background-type":"","background-media":"","overlay-type":"","overlay-color":"","overlay-opacity":"","overlay-gradient":""},"mobile":{"background-color":"var(--ast-global-color-4)","background-image":"","background-repeat":"repeat","background-position":"center center","background-size":"auto","background-attachment":"scroll","background-type":"","background-media":"","overlay-type":"","overlay-color":"","overlay-opacity":"","overlay-gradient":""}},"footnotes":""},"class_list":["post-671","page","type-page","status-publish","hentry"],"yoast_head":"<!-- This site is optimized with the Yoast SEO plugin v27.5 - https:\/\/yoast.com\/product\/yoast-seo-wordpress\/ -->\n<title>NIMF-15 - Embacarp<\/title>\n<meta name=\"robots\" content=\"index, follow, max-snippet:-1, max-image-preview:large, max-video-preview:-1\" \/>\n<link rel=\"canonical\" href=\"https:\/\/embacarp.com\/ca\/nimf-15\/\" \/>\n<meta property=\"og:locale\" content=\"ca_ES\" \/>\n<meta property=\"og:type\" content=\"article\" \/>\n<meta property=\"og:title\" content=\"NIMF-15 - Embacarp\" \/>\n<meta property=\"og:url\" content=\"https:\/\/embacarp.com\/ca\/nimf-15\/\" \/>\n<meta property=\"og:site_name\" content=\"Embacarp\" \/>\n<meta property=\"article:modified_time\" content=\"2025-09-09T10:27:56+00:00\" \/>\n<meta property=\"og:image\" content=\"https:\/\/embacarp.com\/wp-content\/uploads\/2020\/05\/embalajeindustrial.jpg\" \/>\n\t<meta property=\"og:image:width\" content=\"1706\" \/>\n\t<meta property=\"og:image:height\" content=\"1706\" \/>\n\t<meta property=\"og:image:type\" content=\"image\/jpeg\" \/>\n<meta name=\"twitter:card\" content=\"summary_large_image\" \/>\n<meta name=\"twitter:label1\" content=\"Temps estimat de lectura\" \/>\n\t<meta name=\"twitter:data1\" content=\"3 minuts\" \/>\n<script type=\"application\/ld+json\" class=\"yoast-schema-graph\">{\"@context\":\"https:\\\/\\\/schema.org\",\"@graph\":[{\"@type\":\"WebPage\",\"@id\":\"https:\\\/\\\/embacarp.com\\\/ca\\\/nimf-15\\\/\",\"url\":\"https:\\\/\\\/embacarp.com\\\/ca\\\/nimf-15\\\/\",\"name\":\"NIMF-15 - Embacarp\",\"isPartOf\":{\"@id\":\"https:\\\/\\\/embacarp.com\\\/ca\\\/#website\"},\"primaryImageOfPage\":{\"@id\":\"https:\\\/\\\/embacarp.com\\\/ca\\\/nimf-15\\\/#primaryimage\"},\"image\":{\"@id\":\"https:\\\/\\\/embacarp.com\\\/ca\\\/nimf-15\\\/#primaryimage\"},\"thumbnailUrl\":\"https:\\\/\\\/embacarp.com\\\/wp-content\\\/uploads\\\/2020\\\/05\\\/embalajeindustrial-1024x1024.jpg\",\"datePublished\":\"2025-09-09T09:32:56+00:00\",\"dateModified\":\"2025-09-09T10:27:56+00:00\",\"breadcrumb\":{\"@id\":\"https:\\\/\\\/embacarp.com\\\/ca\\\/nimf-15\\\/#breadcrumb\"},\"inLanguage\":\"ca\",\"potentialAction\":[{\"@type\":\"ReadAction\",\"target\":[\"https:\\\/\\\/embacarp.com\\\/ca\\\/nimf-15\\\/\"]}]},{\"@type\":\"ImageObject\",\"inLanguage\":\"ca\",\"@id\":\"https:\\\/\\\/embacarp.com\\\/ca\\\/nimf-15\\\/#primaryimage\",\"url\":\"https:\\\/\\\/embacarp.com\\\/wp-content\\\/uploads\\\/2020\\\/05\\\/embalajeindustrial-1024x1024.jpg\",\"contentUrl\":\"https:\\\/\\\/embacarp.com\\\/wp-content\\\/uploads\\\/2020\\\/05\\\/embalajeindustrial-1024x1024.jpg\"},{\"@type\":\"BreadcrumbList\",\"@id\":\"https:\\\/\\\/embacarp.com\\\/ca\\\/nimf-15\\\/#breadcrumb\",\"itemListElement\":[{\"@type\":\"ListItem\",\"position\":1,\"name\":\"Portada\",\"item\":\"https:\\\/\\\/embacarp.com\\\/ca\\\/\"},{\"@type\":\"ListItem\",\"position\":2,\"name\":\"NIMF-15\"}]},{\"@type\":\"WebSite\",\"@id\":\"https:\\\/\\\/embacarp.com\\\/ca\\\/#website\",\"url\":\"https:\\\/\\\/embacarp.com\\\/ca\\\/\",\"name\":\"Embacarp\",\"description\":\"Embacarp fabrica embalajes de madera certificados NIMF-15: cajas, palets y soluciones industriales a medida para transporte seguro y sostenible.\",\"publisher\":{\"@id\":\"https:\\\/\\\/embacarp.com\\\/ca\\\/#organization\"},\"potentialAction\":[{\"@type\":\"SearchAction\",\"target\":{\"@type\":\"EntryPoint\",\"urlTemplate\":\"https:\\\/\\\/embacarp.com\\\/ca\\\/?s={search_term_string}\"},\"query-input\":{\"@type\":\"PropertyValueSpecification\",\"valueRequired\":true,\"valueName\":\"search_term_string\"}}],\"inLanguage\":\"ca\"},{\"@type\":\"Organization\",\"@id\":\"https:\\\/\\\/embacarp.com\\\/ca\\\/#organization\",\"name\":\"Embacarp S.L.U.\",\"url\":\"https:\\\/\\\/embacarp.com\\\/ca\\\/\",\"logo\":{\"@type\":\"ImageObject\",\"inLanguage\":\"ca\",\"@id\":\"https:\\\/\\\/embacarp.com\\\/ca\\\/#\\\/schema\\\/logo\\\/image\\\/\",\"url\":\"https:\\\/\\\/embacarp.com\\\/wp-content\\\/uploads\\\/2020\\\/05\\\/logoembacarp.png\",\"contentUrl\":\"https:\\\/\\\/embacarp.com\\\/wp-content\\\/uploads\\\/2020\\\/05\\\/logoembacarp.png\",\"width\":519,\"height\":83,\"caption\":\"Embacarp S.L.U.\"},\"image\":{\"@id\":\"https:\\\/\\\/embacarp.com\\\/ca\\\/#\\\/schema\\\/logo\\\/image\\\/\"}}]}<\/script>\n<!-- \/ Yoast SEO plugin. -->","yoast_head_json":{"title":"NIMF-15 - Embacarp","robots":{"index":"index","follow":"follow","max-snippet":"max-snippet:-1","max-image-preview":"max-image-preview:large","max-video-preview":"max-video-preview:-1"},"canonical":"https:\/\/embacarp.com\/ca\/nimf-15\/","og_locale":"ca_ES","og_type":"article","og_title":"NIMF-15 - Embacarp","og_url":"https:\/\/embacarp.com\/ca\/nimf-15\/","og_site_name":"Embacarp","article_modified_time":"2025-09-09T10:27:56+00:00","og_image":[{"width":1706,"height":1706,"url":"https:\/\/embacarp.com\/wp-content\/uploads\/2020\/05\/embalajeindustrial.jpg","type":"image\/jpeg"}],"twitter_card":"summary_large_image","twitter_misc":{"Temps estimat de lectura":"3 minuts"},"schema":{"@context":"https:\/\/schema.org","@graph":[{"@type":"WebPage","@id":"https:\/\/embacarp.com\/ca\/nimf-15\/","url":"https:\/\/embacarp.com\/ca\/nimf-15\/","name":"NIMF-15 - Embacarp","isPartOf":{"@id":"https:\/\/embacarp.com\/ca\/#website"},"primaryImageOfPage":{"@id":"https:\/\/embacarp.com\/ca\/nimf-15\/#primaryimage"},"image":{"@id":"https:\/\/embacarp.com\/ca\/nimf-15\/#primaryimage"},"thumbnailUrl":"https:\/\/embacarp.com\/wp-content\/uploads\/2020\/05\/embalajeindustrial-1024x1024.jpg","datePublished":"2025-09-09T09:32:56+00:00","dateModified":"2025-09-09T10:27:56+00:00","breadcrumb":{"@id":"https:\/\/embacarp.com\/ca\/nimf-15\/#breadcrumb"},"inLanguage":"ca","potentialAction":[{"@type":"ReadAction","target":["https:\/\/embacarp.com\/ca\/nimf-15\/"]}]},{"@type":"ImageObject","inLanguage":"ca","@id":"https:\/\/embacarp.com\/ca\/nimf-15\/#primaryimage","url":"https:\/\/embacarp.com\/wp-content\/uploads\/2020\/05\/embalajeindustrial-1024x1024.jpg","contentUrl":"https:\/\/embacarp.com\/wp-content\/uploads\/2020\/05\/embalajeindustrial-1024x1024.jpg"},{"@type":"BreadcrumbList","@id":"https:\/\/embacarp.com\/ca\/nimf-15\/#breadcrumb","itemListElement":[{"@type":"ListItem","position":1,"name":"Portada","item":"https:\/\/embacarp.com\/ca\/"},{"@type":"ListItem","position":2,"name":"NIMF-15"}]},{"@type":"WebSite","@id":"https:\/\/embacarp.com\/ca\/#website","url":"https:\/\/embacarp.com\/ca\/","name":"Embacarp","description":"Embacarp fabrica embalajes de madera certificados NIMF-15: cajas, palets y soluciones industriales a medida para transporte seguro y sostenible.","publisher":{"@id":"https:\/\/embacarp.com\/ca\/#organization"},"potentialAction":[{"@type":"SearchAction","target":{"@type":"EntryPoint","urlTemplate":"https:\/\/embacarp.com\/ca\/?s={search_term_string}"},"query-input":{"@type":"PropertyValueSpecification","valueRequired":true,"valueName":"search_term_string"}}],"inLanguage":"ca"},{"@type":"Organization","@id":"https:\/\/embacarp.com\/ca\/#organization","name":"Embacarp S.L.U.","url":"https:\/\/embacarp.com\/ca\/","logo":{"@type":"ImageObject","inLanguage":"ca","@id":"https:\/\/embacarp.com\/ca\/#\/schema\/logo\/image\/","url":"https:\/\/embacarp.com\/wp-content\/uploads\/2020\/05\/logoembacarp.png","contentUrl":"https:\/\/embacarp.com\/wp-content\/uploads\/2020\/05\/logoembacarp.png","width":519,"height":83,"caption":"Embacarp S.L.U."},"image":{"@id":"https:\/\/embacarp.com\/ca\/#\/schema\/logo\/image\/"}}]}},"_links":{"self":[{"href":"https:\/\/embacarp.com\/ca\/wp-json\/wp\/v2\/pages\/671","targetHints":{"allow":["GET"]}}],"collection":[{"href":"https:\/\/embacarp.com\/ca\/wp-json\/wp\/v2\/pages"}],"about":[{"href":"https:\/\/embacarp.com\/ca\/wp-json\/wp\/v2\/types\/page"}],"author":[{"embeddable":true,"href":"https:\/\/embacarp.com\/ca\/wp-json\/wp\/v2\/users\/1"}],"replies":[{"embeddable":true,"href":"https:\/\/embacarp.com\/ca\/wp-json\/wp\/v2\/comments?post=671"}],"version-history":[{"count":3,"href":"https:\/\/embacarp.com\/ca\/wp-json\/wp\/v2\/pages\/671\/revisions"}],"predecessor-version":[{"id":727,"href":"https:\/\/embacarp.com\/ca\/wp-json\/wp\/v2\/pages\/671\/revisions\/727"}],"wp:attachment":[{"href":"https:\/\/embacarp.com\/ca\/wp-json\/wp\/v2\/media?parent=671"}],"curies":[{"name":"wp","href":"https:\/\/api.w.org\/{rel}","templated":true}]}}