{"id":677,"date":"2025-09-09T09:06:15","date_gmt":"2025-09-09T09:06:15","guid":{"rendered":"https:\/\/embacarp.com\/productes-i-solucions\/"},"modified":"2025-09-09T10:28:58","modified_gmt":"2025-09-09T10:28:58","slug":"productes-i-solucions","status":"publish","type":"page","link":"https:\/\/embacarp.com\/ca\/productes-i-solucions\/","title":{"rendered":"Productes i solucions"},"content":{"rendered":"\n<div class=\"wp-block-cover alignfull wp-duotone-dark-grayscale\"><img loading=\"lazy\" decoding=\"async\" width=\"1024\" height=\"682\" class=\"wp-block-cover__image-background wp-image-16 size-large\" alt=\"\" src=\"https:\/\/embacarp.com\/wp-content\/uploads\/2020\/05\/shutterstock_1488519359-scaled-1-1024x682.jpg\" data-object-fit=\"cover\" srcset=\"https:\/\/embacarp.com\/wp-content\/uploads\/2020\/05\/shutterstock_1488519359-scaled-1-1024x682.jpg 1024w, https:\/\/embacarp.com\/wp-content\/uploads\/2020\/05\/shutterstock_1488519359-scaled-1-300x200.jpg 300w, https:\/\/embacarp.com\/wp-content\/uploads\/2020\/05\/shutterstock_1488519359-scaled-1-768x512.jpg 768w, https:\/\/embacarp.com\/wp-content\/uploads\/2020\/05\/shutterstock_1488519359-scaled-1-1536x1024.jpg 1536w, https:\/\/embacarp.com\/wp-content\/uploads\/2020\/05\/shutterstock_1488519359-scaled-1-2048x1365.jpg 2048w, https:\/\/embacarp.com\/wp-content\/uploads\/2020\/05\/shutterstock_1488519359-scaled-1-732x488.jpg 732w, https:\/\/embacarp.com\/wp-content\/uploads\/2020\/05\/shutterstock_1488519359-scaled-1-1140x760.jpg 1140w\" sizes=\"auto, (max-width: 1024px) 100vw, 1024px\" \/><span aria-hidden=\"true\" class=\"wp-block-cover__background has-ast-global-color-0-background-color has-background-dim\"><\/span><div class=\"wp-block-cover__inner-container is-layout-constrained wp-block-cover-is-layout-constrained\">\n<p class=\"has-text-align-center has-ast-global-color-1-color has-text-color has-link-color has-large-font-size wp-elements-352d02e4364dbe31647d38a7ae039670\"><strong><strong><strong>Embalatges industrials de fusta a mida<\/strong><\/strong><\/strong><\/p>\n\n\n\n<p class=\"has-text-align-center has-ast-global-color-4-color has-text-color has-link-color wp-elements-6bff024ffbf916115677f3978eaf50e1\"><strong>La soluci\u00f3 adequada per a cada producte, amb la m\u00e0xima protecci\u00f3 i certificaci\u00f3 internacional.<\/strong><\/p>\n\n\n\n<div class=\"wp-block-buttons is-content-justification-center is-layout-flex wp-container-core-buttons-is-layout-a89b3969 wp-block-buttons-is-layout-flex\">\n<div class=\"wp-block-button\"><a class=\"wp-block-button__link wp-element-button\" href=\"https:\/\/embacarp.com\/ca\/contacte\/\">SOL\u00b7LICITAR PRESSUPOST<\/a><\/div>\n<\/div>\n<\/div><\/div>\n\n\n\n<div class=\"wp-block-cover alignfull is-light\"><span aria-hidden=\"true\" class=\"wp-block-cover__background has-background-dim-100 has-background-dim\" style=\"background-color:#bc9d6c\"><\/span><div class=\"wp-block-cover__inner-container is-layout-flow wp-block-cover-is-layout-flow\">\n<h3 class=\"wp-block-heading has-text-align-center has-ast-global-color-4-color has-text-color has-link-color has-large-font-size wp-elements-4ae74d8ae2e4f55f03ee6607a41f9e65\">Som fabricants<\/h3>\n\n\n\n<hr class=\"wp-block-separator has-alpha-channel-opacity is-style-wide\"\/>\n\n\n\n<p class=\"has-text-align-center\" style=\"font-size:25px\">A <strong>Embacarp Tarraco<\/strong> dissenyem i fabriquem embalatges industrials que garanteixen la seguretat de les vostres mercaderies en transport terrestre, mar\u00edtim i aeri.<\/p>\n\n\n\n<p class=\"has-text-align-center\">Els nostres productes s&#8217;adapten a cada necessitat, des de maquin\u00e0ria pesada fins a components delicats, sempre complint la normativa <strong>NIMF-15<\/strong><\/p>\n<\/div><\/div>\n\n\n\n<div class=\"wp-block-cover alignfull\"><span aria-hidden=\"true\" class=\"wp-block-cover__background has-ast-global-color-4-background-color has-background-dim-100 has-background-dim\"><\/span><div class=\"wp-block-cover__inner-container is-layout-constrained wp-block-cover-is-layout-constrained\">\n<div class=\"wp-block-media-text is-stacked-on-mobile is-image-fill-element\" style=\"grid-template-columns:38% auto\"><figure class=\"wp-block-media-text__media\"><img loading=\"lazy\" decoding=\"async\" width=\"1024\" height=\"682\" src=\"https:\/\/embacarp.com\/wp-content\/uploads\/2025\/09\/cajaECO-1024x682.jpg\" alt=\"\" class=\"wp-image-597 size-full\" style=\"object-position:50% 50%\" srcset=\"https:\/\/embacarp.com\/wp-content\/uploads\/2025\/09\/cajaECO-1024x682.jpg 1024w, https:\/\/embacarp.com\/wp-content\/uploads\/2025\/09\/cajaECO-300x200.jpg 300w, https:\/\/embacarp.com\/wp-content\/uploads\/2025\/09\/cajaECO-768x511.jpg 768w, https:\/\/embacarp.com\/wp-content\/uploads\/2025\/09\/cajaECO-1536x1023.jpg 1536w, https:\/\/embacarp.com\/wp-content\/uploads\/2025\/09\/cajaECO-600x400.jpg 600w, https:\/\/embacarp.com\/wp-content\/uploads\/2025\/09\/cajaECO-240x160.jpg 240w, https:\/\/embacarp.com\/wp-content\/uploads\/2025\/09\/cajaECO.jpg 2000w\" sizes=\"auto, (max-width: 1024px) 100vw, 1024px\" \/><\/figure><div class=\"wp-block-media-text__content\">\n<h3 class=\"wp-block-heading has-ast-global-color-1-color has-text-color has-link-color has-large-font-size wp-elements-3465dd0981cf383bd5cd7dfca2cf84b9\">Caixes de fusta<\/h3>\n\n\n\n<hr class=\"wp-block-separator has-text-color has-ast-global-color-1-color has-alpha-channel-opacity has-ast-global-color-1-background-color has-background is-style-wide\"\/>\n\n\n\n<p>Fabriquem tot tipus de caixes en diferents formats:<\/p>\n\n\n\n<ul class=\"wp-block-list has-ast-global-color-1-color has-text-color has-link-color wp-elements-691521e69bb8d1a7ebe921c5e2940693\">\n<li><strong>Caixes est\u00e0ndard<\/strong>: resistents i vers\u00e0tils.<\/li>\n\n\n\n<li><strong>Caixes amb llistons<\/strong>: permeten ventilaci\u00f3 i redueixen pes.<\/li>\n\n\n\n<li><strong>Caixes contraplacades (plywood)<\/strong>: lleugeres i d&#8217;alta resist\u00e8ncia.<\/li>\n\n\n\n<li><strong>Caixes a mida<\/strong>: dissenyades segons pl\u00e0nols o necessitats del client.<\/li>\n<\/ul>\n\n\n\n<p>Ideals per a transport mar\u00edtim, aeri i terrestre.<\/p>\n<\/div><\/div>\n<\/div><\/div>\n\n\n\n<div class=\"wp-block-cover alignfull is-light\"><span aria-hidden=\"true\" class=\"wp-block-cover__background has-background-dim-100 has-background-dim\" style=\"background-color:#ebe6db\"><\/span><div class=\"wp-block-cover__inner-container is-layout-constrained wp-block-cover-is-layout-constrained\">\n<div class=\"wp-block-media-text is-stacked-on-mobile is-image-fill-element\" style=\"grid-template-columns:38% auto\"><figure class=\"wp-block-media-text__media\"><img loading=\"lazy\" decoding=\"async\" width=\"1024\" height=\"682\" src=\"https:\/\/embacarp.com\/wp-content\/uploads\/2025\/09\/palets-1024x682.jpg\" alt=\"\" class=\"wp-image-598 size-full\" style=\"object-position:50% 50%\" srcset=\"https:\/\/embacarp.com\/wp-content\/uploads\/2025\/09\/palets-1024x682.jpg 1024w, https:\/\/embacarp.com\/wp-content\/uploads\/2025\/09\/palets-300x200.jpg 300w, https:\/\/embacarp.com\/wp-content\/uploads\/2025\/09\/palets-768x512.jpg 768w, https:\/\/embacarp.com\/wp-content\/uploads\/2025\/09\/palets-1536x1023.jpg 1536w, https:\/\/embacarp.com\/wp-content\/uploads\/2025\/09\/palets-2048x1364.jpg 2048w, https:\/\/embacarp.com\/wp-content\/uploads\/2025\/09\/palets-600x400.jpg 600w, https:\/\/embacarp.com\/wp-content\/uploads\/2025\/09\/palets-240x160.jpg 240w\" sizes=\"auto, (max-width: 1024px) 100vw, 1024px\" \/><\/figure><div class=\"wp-block-media-text__content\">\n<h3 class=\"wp-block-heading has-ast-global-color-1-color has-text-color has-link-color has-large-font-size wp-elements-e64f11753925c90dffb7b82a09a25b52\">Palets industrials<\/h3>\n\n\n\n<hr class=\"wp-block-separator has-text-color has-ast-global-color-1-color has-alpha-channel-opacity has-ast-global-color-1-background-color has-background is-style-wide\"\/>\n\n\n\n<p>Palets de fusta fabricats amb <strong>fusta nova i certificada<\/strong> per garantir durabilitat i resist\u00e8ncia.<\/p>\n\n\n\n<ul class=\"wp-block-list has-ast-global-color-1-color has-text-color has-link-color wp-elements-6f0a4c66c3be8f72ee78c8ed666563d9\">\n<li>Palets est\u00e0ndard o especials.<\/li>\n\n\n\n<li>Palets a mida segons pes, dimensions o log\u00edstica del client.<\/li>\n<\/ul>\n\n\n\n<p>Tots els nostres palets compleixen la <strong>certificaci\u00f3 fitosanit\u00e0ria NIMF-15<\/strong> <img loading=\"lazy\" decoding=\"async\" width=\"25\" height=\"19\" class=\"wp-image-531\" style=\"width: 25px;\" src=\"https:\/\/embacarp.com\/wp-content\/uploads\/2025\/09\/NIMF-15.png\" alt=\"\" srcset=\"https:\/\/embacarp.com\/wp-content\/uploads\/2025\/09\/NIMF-15.png 300w, https:\/\/embacarp.com\/wp-content\/uploads\/2025\/09\/NIMF-15-212x160.png 212w\" sizes=\"auto, (max-width: 25px) 100vw, 25px\" \/><\/p>\n<\/div><\/div>\n<\/div><\/div>\n\n\n\n<div class=\"wp-block-cover alignfull\"><span aria-hidden=\"true\" class=\"wp-block-cover__background has-ast-global-color-4-background-color has-background-dim-100 has-background-dim\"><\/span><div class=\"wp-block-cover__inner-container is-layout-constrained wp-block-cover-is-layout-constrained\">\n<div class=\"wp-block-media-text is-stacked-on-mobile is-image-fill-element\" style=\"grid-template-columns:38% auto\"><figure class=\"wp-block-media-text__media\"><img loading=\"lazy\" decoding=\"async\" width=\"1024\" height=\"682\" src=\"https:\/\/embacarp.com\/wp-content\/uploads\/2025\/09\/jaula-1024x682.jpg\" alt=\"\" class=\"wp-image-601 size-full\" style=\"object-position:50% 50%\" srcset=\"https:\/\/embacarp.com\/wp-content\/uploads\/2025\/09\/jaula-1024x682.jpg 1024w, https:\/\/embacarp.com\/wp-content\/uploads\/2025\/09\/jaula-300x200.jpg 300w, https:\/\/embacarp.com\/wp-content\/uploads\/2025\/09\/jaula-768x511.jpg 768w, https:\/\/embacarp.com\/wp-content\/uploads\/2025\/09\/jaula-1536x1023.jpg 1536w, https:\/\/embacarp.com\/wp-content\/uploads\/2025\/09\/jaula-600x400.jpg 600w, https:\/\/embacarp.com\/wp-content\/uploads\/2025\/09\/jaula-240x160.jpg 240w, https:\/\/embacarp.com\/wp-content\/uploads\/2025\/09\/jaula.jpg 2000w\" sizes=\"auto, (max-width: 1024px) 100vw, 1024px\" \/><\/figure><div class=\"wp-block-media-text__content\">\n<h3 class=\"wp-block-heading has-ast-global-color-1-color has-text-color has-link-color has-large-font-size wp-elements-9e51368b589be0df761fcba892acd23f\">G\u00e0bies, bressols i bancades<\/h3>\n\n\n\n<hr class=\"wp-block-separator has-text-color has-ast-global-color-1-color has-alpha-channel-opacity has-ast-global-color-1-background-color has-background is-style-wide\"\/>\n\n\n\n<p><strong>G\u00e0bies de fusta<\/strong>: protegeixen maquin\u00e0ria i equips pesats amb m\u00e0xima seguretat.<\/p>\n\n\n\n<p><strong>Bressols i bancades<\/strong>: solucions estables per a peces de gran volum o maquin\u00e0ria industrial.<\/p>\n\n\n\n<p><strong>Cercles de fusta<\/strong>: flexibles i reutilitzables.<\/p>\n<\/div><\/div>\n<\/div><\/div>\n\n\n\n<div class=\"wp-block-cover alignfull is-light\"><span aria-hidden=\"true\" class=\"wp-block-cover__background has-background-dim-100 has-background-dim\" style=\"background-color:#ebe6db\"><\/span><div class=\"wp-block-cover__inner-container is-layout-constrained wp-block-cover-is-layout-constrained\">\n<div class=\"wp-block-media-text is-stacked-on-mobile is-image-fill-element\" style=\"grid-template-columns:38% auto\"><figure class=\"wp-block-media-text__media\"><img loading=\"lazy\" decoding=\"async\" width=\"1024\" height=\"682\" src=\"https:\/\/embacarp.com\/wp-content\/uploads\/2025\/09\/fleje-1024x682.jpg\" alt=\"\" class=\"wp-image-604 size-full\" style=\"object-position:50% 50%\" srcset=\"https:\/\/embacarp.com\/wp-content\/uploads\/2025\/09\/fleje-1024x682.jpg 1024w, https:\/\/embacarp.com\/wp-content\/uploads\/2025\/09\/fleje-300x200.jpg 300w, https:\/\/embacarp.com\/wp-content\/uploads\/2025\/09\/fleje-768x511.jpg 768w, https:\/\/embacarp.com\/wp-content\/uploads\/2025\/09\/fleje-1536x1023.jpg 1536w, https:\/\/embacarp.com\/wp-content\/uploads\/2025\/09\/fleje-600x400.jpg 600w, https:\/\/embacarp.com\/wp-content\/uploads\/2025\/09\/fleje-240x160.jpg 240w, https:\/\/embacarp.com\/wp-content\/uploads\/2025\/09\/fleje.jpg 2000w\" sizes=\"auto, (max-width: 1024px) 100vw, 1024px\" \/><\/figure><div class=\"wp-block-media-text__content\">\n<h3 class=\"wp-block-heading has-ast-global-color-1-color has-text-color has-link-color has-large-font-size wp-elements-bd797c4164b5f8f7a57f4780dccc1d03\">Accessoris d&#8217;embalatge<\/h3>\n\n\n\n<hr class=\"wp-block-separator has-text-color has-ast-global-color-1-color has-alpha-channel-opacity has-ast-global-color-1-background-color has-background is-style-wide\"\/>\n\n\n\n<p>Tot el que la vostra tramesa necessita en un sol prove\u00efdor:<\/p>\n\n\n\n<ul class=\"wp-block-list has-ast-global-color-1-color has-text-color has-link-color wp-elements-2f6bfc3aeeccc0b9d3070683c135a7b3\">\n<li>Precintes, etiquetes, sobres, cintes i fleixos<\/li>\n\n\n\n<li>Film retr\u00e0ctil, film escuma, bombolla.<\/li>\n\n\n\n<li>Bosses inflables, bosses d&#8217;alumini amb extracci\u00f3 d&#8217;aire.<\/li>\n\n\n\n<li>Sals dessecants i atmosfera controlada.<\/li>\n<\/ul>\n<\/div><\/div>\n<\/div><\/div>\n\n\n\n<div class=\"wp-block-cover alignfull\"><span aria-hidden=\"true\" class=\"wp-block-cover__background has-ast-global-color-0-background-color has-background-dim-100 has-background-dim\"><\/span><div class=\"wp-block-cover__inner-container is-layout-constrained wp-block-cover-is-layout-constrained\">\n<h3 class=\"wp-block-heading has-text-align-center has-ast-global-color-1-color has-text-color has-link-color has-large-font-size wp-elements-dbb52394a256149e51b0cb151a3e5240\">Innovaci\u00f3 i sostenibilitat<\/h3>\n\n\n\n<hr class=\"wp-block-separator has-text-color has-ast-global-color-1-color has-alpha-channel-opacity has-ast-global-color-1-background-color has-background is-style-wide\"\/>\n\n\n\n<div class=\"wp-block-columns is-layout-flex wp-container-core-columns-is-layout-28f84493 wp-block-columns-is-layout-flex\">\n<div class=\"wp-block-column is-layout-flow wp-block-column-is-layout-flow\">\n<p class=\"has-ast-global-color-5-color has-text-color has-link-color wp-elements-a1bbd5668175dca9fa5dbb98c00a4524\" style=\"font-size:30px\">Tecnologia INTERCEPT<\/p>\n\n\n\n<p class=\"has-ast-global-color-1-color has-text-color has-link-color wp-elements-7c6dfc4719a70ffe440bc55a154d5375\">Protecci\u00f3 anticorrosi\u00f3 d&#8217;\u00faltima generaci\u00f3:<\/p>\n\n\n\n<ul class=\"wp-block-list\">\n<li>Efica\u00e7 des de -35\u00baC fins a +80\u00baC.<\/li>\n\n\n\n<li>Protegeix metalls, components electr\u00f2nics i materials sint\u00e8tics.<\/li>\n\n\n\n<li>Garantia de 10 anys.<\/li>\n\n\n\n<li>Possibilitat de termosegellat in situ.<\/li>\n<\/ul>\n\n\n\n<figure class=\"wp-block-image aligncenter size-full is-resized wp-duotone-grayscale\"><img loading=\"lazy\" decoding=\"async\" width=\"600\" height=\"139\" src=\"https:\/\/embacarp.com\/wp-content\/uploads\/2025\/09\/logo_intercept.jpg\" alt=\"\" class=\"wp-image-607\" style=\"width:346px;height:auto\" srcset=\"https:\/\/embacarp.com\/wp-content\/uploads\/2025\/09\/logo_intercept.jpg 600w, https:\/\/embacarp.com\/wp-content\/uploads\/2025\/09\/logo_intercept-300x70.jpg 300w, https:\/\/embacarp.com\/wp-content\/uploads\/2025\/09\/logo_intercept-280x65.jpg 280w\" sizes=\"auto, (max-width: 600px) 100vw, 600px\" \/><\/figure>\n<\/div>\n\n\n\n<div class=\"wp-block-column is-layout-flow wp-block-column-is-layout-flow\">\n<p class=\"has-ast-global-color-5-color has-text-color has-link-color wp-elements-e5aa9cc1509b4c1cc5d09a86a1f38a23\" style=\"font-size:30px\">Caixa <strong>ECO<\/strong><\/p>\n\n\n\n<p class=\"has-ast-global-color-1-color has-text-color has-link-color wp-elements-6a8281984a15d401e8878637d58c2bd5\">Sistema patentat de caixa desmuntable i reutilitzable<\/p>\n\n\n\n<ul class=\"wp-block-list\">\n<li>Es munta i desmunta sense eines.<\/li>\n\n\n\n<li>Ocupa poc espai un cop plegada.<\/li>\n\n\n\n<li>Econ\u00f2mica, resistent i est\u00e8tica.<\/li>\n\n\n\n<li>Disponible en mides est\u00e0ndard o personalitzades.<\/li>\n<\/ul>\n\n\n\n<figure class=\"wp-block-image aligncenter size-full is-resized wp-duotone-rgb010416-rgb6425566-1\"><img loading=\"lazy\" decoding=\"async\" width=\"1911\" height=\"661\" src=\"https:\/\/embacarp.com\/wp-content\/uploads\/2025\/09\/Logo-CajaEco-web.png\" alt=\"\" class=\"wp-image-608\" style=\"width:219px;height:auto\" srcset=\"https:\/\/embacarp.com\/wp-content\/uploads\/2025\/09\/Logo-CajaEco-web.png 1911w, https:\/\/embacarp.com\/wp-content\/uploads\/2025\/09\/Logo-CajaEco-web-300x104.png 300w, https:\/\/embacarp.com\/wp-content\/uploads\/2025\/09\/Logo-CajaEco-web-1024x354.png 1024w, https:\/\/embacarp.com\/wp-content\/uploads\/2025\/09\/Logo-CajaEco-web-768x266.png 768w, https:\/\/embacarp.com\/wp-content\/uploads\/2025\/09\/Logo-CajaEco-web-1536x531.png 1536w, https:\/\/embacarp.com\/wp-content\/uploads\/2025\/09\/Logo-CajaEco-web-600x208.png 600w, https:\/\/embacarp.com\/wp-content\/uploads\/2025\/09\/Logo-CajaEco-web-280x97.png 280w\" sizes=\"auto, (max-width: 1911px) 100vw, 1911px\" \/><\/figure>\n<\/div>\n<\/div>\n<\/div><\/div>\n\n\n\n<div class=\"wp-block-cover alignfull\"><span aria-hidden=\"true\" class=\"wp-block-cover__background has-ast-global-color-4-background-color has-background-dim-100 has-background-dim\"><\/span><div class=\"wp-block-cover__inner-container is-layout-constrained wp-block-cover-is-layout-constrained\">\n<div class=\"wp-block-media-text is-stacked-on-mobile\"><figure class=\"wp-block-media-text__media\"><img loading=\"lazy\" decoding=\"async\" width=\"1024\" height=\"682\" src=\"https:\/\/embacarp.com\/wp-content\/uploads\/2025\/09\/embacarp_nave-1024x682.jpg\" alt=\"\" class=\"wp-image-723 size-full\" srcset=\"https:\/\/embacarp.com\/wp-content\/uploads\/2025\/09\/embacarp_nave-1024x682.jpg 1024w, https:\/\/embacarp.com\/wp-content\/uploads\/2025\/09\/embacarp_nave-300x200.jpg 300w, https:\/\/embacarp.com\/wp-content\/uploads\/2025\/09\/embacarp_nave-768x511.jpg 768w, https:\/\/embacarp.com\/wp-content\/uploads\/2025\/09\/embacarp_nave-1536x1023.jpg 1536w, https:\/\/embacarp.com\/wp-content\/uploads\/2025\/09\/embacarp_nave-600x400.jpg 600w, https:\/\/embacarp.com\/wp-content\/uploads\/2025\/09\/embacarp_nave-240x160.jpg 240w, https:\/\/embacarp.com\/wp-content\/uploads\/2025\/09\/embacarp_nave.jpg 2000w\" sizes=\"auto, (max-width: 1024px) 100vw, 1024px\" \/><\/figure><div class=\"wp-block-media-text__content\">\n<h3 class=\"wp-block-heading has-ast-global-color-1-color has-text-color has-link-color wp-elements-9841970402db3b0720375d1eb0c93ea7\">Sol\u00b7liciteu pressupost sense comprom\u00eds<\/h3>\n\n\n\n<hr class=\"wp-block-separator has-text-color has-ast-global-color-1-color has-alpha-channel-opacity has-ast-global-color-1-background-color has-background is-style-wide\"\/>\n\n\n\n<p class=\"has-medium-font-size\"><strong>Cada producte, un embalatge a mida.<\/strong><\/p>\n\n\n\n<p class=\"has-ast-global-color-1-color has-text-color has-link-color wp-elements-12d0e25741f979042eeab3adba90311e\">A Embacarp us oferim solucions adaptades perqu\u00e8 les vostres trameses arribin sempre en perfectes condicions.<\/p>\n\n\n\n<p><strong>Confieu en un especialista en embalatge industrial amb experi\u00e8ncia, innovaci\u00f3 i proximitat.<\/strong><\/p>\n\n\n\n<div class=\"wp-block-buttons is-content-justification-left is-layout-flex wp-container-core-buttons-is-layout-fc4fd283 wp-block-buttons-is-layout-flex\">\n<div class=\"wp-block-button\"><a class=\"wp-block-button__link wp-element-button\" href=\"https:\/\/embacarp.com\/ca\/contacte\/\">SOL\u00b7LICITAR PRESSUPOST<\/a><\/div>\n<\/div>\n<\/div><\/div>\n<\/div><\/div>\n","protected":false},"excerpt":{"rendered":"","protected":false},"author":1,"featured_media":0,"parent":0,"menu_order":0,"comment_status":"closed","ping_status":"closed","template":"","meta":{"site-sidebar-layout":"default","site-content-layout":"","ast-site-content-layout":"default","site-content-style":"default","site-sidebar-style":"default","ast-global-header-display":"","ast-banner-title-visibility":"","ast-main-header-display":"","ast-hfb-above-header-display":"","ast-hfb-below-header-display":"","ast-hfb-mobile-header-display":"","site-post-title":"","ast-breadcrumbs-content":"","ast-featured-img":"","footer-sml-layout":"","ast-disable-related-posts":"","theme-transparent-header-meta":"","adv-header-id-meta":"","stick-header-meta":"","header-above-stick-meta":"","header-main-stick-meta":"","header-below-stick-meta":"","astra-migrate-meta-layouts":"default","ast-page-background-enabled":"default","ast-page-background-meta":{"desktop":{"background-color":"var(--ast-global-color-5)","background-image":"","background-repeat":"repeat","background-position":"center center","background-size":"auto","background-attachment":"scroll","background-type":"","background-media":"","overlay-type":"","overlay-color":"","overlay-opacity":"","overlay-gradient":""},"tablet":{"background-color":"","background-image":"","background-repeat":"repeat","background-position":"center center","background-size":"auto","background-attachment":"scroll","background-type":"","background-media":"","overlay-type":"","overlay-color":"","overlay-opacity":"","overlay-gradient":""},"mobile":{"background-color":"","background-image":"","background-repeat":"repeat","background-position":"center center","background-size":"auto","background-attachment":"scroll","background-type":"","background-media":"","overlay-type":"","overlay-color":"","overlay-opacity":"","overlay-gradient":""}},"ast-content-background-meta":{"desktop":{"background-color":"var(--ast-global-color-4)","background-image":"","background-repeat":"repeat","background-position":"center center","background-size":"auto","background-attachment":"scroll","background-type":"","background-media":"","overlay-type":"","overlay-color":"","overlay-opacity":"","overlay-gradient":""},"tablet":{"background-color":"var(--ast-global-color-4)","background-image":"","background-repeat":"repeat","background-position":"center center","background-size":"auto","background-attachment":"scroll","background-type":"","background-media":"","overlay-type":"","overlay-color":"","overlay-opacity":"","overlay-gradient":""},"mobile":{"background-color":"var(--ast-global-color-4)","background-image":"","background-repeat":"repeat","background-position":"center center","background-size":"auto","background-attachment":"scroll","background-type":"","background-media":"","overlay-type":"","overlay-color":"","overlay-opacity":"","overlay-gradient":""}},"footnotes":""},"class_list":["post-677","page","type-page","status-publish","hentry"],"yoast_head":"<!-- This site is optimized with the Yoast SEO plugin v27.5 - https:\/\/yoast.com\/product\/yoast-seo-wordpress\/ -->\n<title>Productes i solucions - Embacarp<\/title>\n<meta name=\"robots\" content=\"index, follow, max-snippet:-1, max-image-preview:large, max-video-preview:-1\" \/>\n<link rel=\"canonical\" href=\"https:\/\/embacarp.com\/ca\/productes-i-solucions\/\" \/>\n<meta property=\"og:locale\" content=\"ca_ES\" \/>\n<meta property=\"og:type\" content=\"article\" \/>\n<meta property=\"og:title\" content=\"Productes i solucions - Embacarp\" \/>\n<meta property=\"og:url\" content=\"https:\/\/embacarp.com\/ca\/productes-i-solucions\/\" \/>\n<meta property=\"og:site_name\" content=\"Embacarp\" \/>\n<meta property=\"article:modified_time\" content=\"2025-09-09T10:28:58+00:00\" \/>\n<meta property=\"og:image\" content=\"https:\/\/embacarp.com\/wp-content\/uploads\/2020\/05\/shutterstock_1488519359-scaled-1.jpg\" \/>\n\t<meta property=\"og:image:width\" content=\"2560\" \/>\n\t<meta property=\"og:image:height\" content=\"1706\" \/>\n\t<meta property=\"og:image:type\" content=\"image\/jpeg\" \/>\n<meta name=\"twitter:card\" content=\"summary_large_image\" \/>\n<meta name=\"twitter:label1\" content=\"Temps estimat de lectura\" \/>\n\t<meta name=\"twitter:data1\" content=\"4 minuts\" \/>\n<script type=\"application\/ld+json\" class=\"yoast-schema-graph\">{\"@context\":\"https:\\\/\\\/schema.org\",\"@graph\":[{\"@type\":\"WebPage\",\"@id\":\"https:\\\/\\\/embacarp.com\\\/ca\\\/productes-i-solucions\\\/\",\"url\":\"https:\\\/\\\/embacarp.com\\\/ca\\\/productes-i-solucions\\\/\",\"name\":\"Productes i solucions - Embacarp\",\"isPartOf\":{\"@id\":\"https:\\\/\\\/embacarp.com\\\/ca\\\/#website\"},\"primaryImageOfPage\":{\"@id\":\"https:\\\/\\\/embacarp.com\\\/ca\\\/productes-i-solucions\\\/#primaryimage\"},\"image\":{\"@id\":\"https:\\\/\\\/embacarp.com\\\/ca\\\/productes-i-solucions\\\/#primaryimage\"},\"thumbnailUrl\":\"https:\\\/\\\/embacarp.com\\\/wp-content\\\/uploads\\\/2020\\\/05\\\/shutterstock_1488519359-scaled-1-1024x682.jpg\",\"datePublished\":\"2025-09-09T09:06:15+00:00\",\"dateModified\":\"2025-09-09T10:28:58+00:00\",\"breadcrumb\":{\"@id\":\"https:\\\/\\\/embacarp.com\\\/ca\\\/productes-i-solucions\\\/#breadcrumb\"},\"inLanguage\":\"ca\",\"potentialAction\":[{\"@type\":\"ReadAction\",\"target\":[\"https:\\\/\\\/embacarp.com\\\/ca\\\/productes-i-solucions\\\/\"]}]},{\"@type\":\"ImageObject\",\"inLanguage\":\"ca\",\"@id\":\"https:\\\/\\\/embacarp.com\\\/ca\\\/productes-i-solucions\\\/#primaryimage\",\"url\":\"https:\\\/\\\/embacarp.com\\\/wp-content\\\/uploads\\\/2020\\\/05\\\/shutterstock_1488519359-scaled-1-1024x682.jpg\",\"contentUrl\":\"https:\\\/\\\/embacarp.com\\\/wp-content\\\/uploads\\\/2020\\\/05\\\/shutterstock_1488519359-scaled-1-1024x682.jpg\"},{\"@type\":\"BreadcrumbList\",\"@id\":\"https:\\\/\\\/embacarp.com\\\/ca\\\/productes-i-solucions\\\/#breadcrumb\",\"itemListElement\":[{\"@type\":\"ListItem\",\"position\":1,\"name\":\"Portada\",\"item\":\"https:\\\/\\\/embacarp.com\\\/ca\\\/\"},{\"@type\":\"ListItem\",\"position\":2,\"name\":\"Productes i solucions\"}]},{\"@type\":\"WebSite\",\"@id\":\"https:\\\/\\\/embacarp.com\\\/ca\\\/#website\",\"url\":\"https:\\\/\\\/embacarp.com\\\/ca\\\/\",\"name\":\"Embacarp\",\"description\":\"Embacarp fabrica embalajes de madera certificados NIMF-15: cajas, palets y soluciones industriales a medida para transporte seguro y sostenible.\",\"publisher\":{\"@id\":\"https:\\\/\\\/embacarp.com\\\/ca\\\/#organization\"},\"potentialAction\":[{\"@type\":\"SearchAction\",\"target\":{\"@type\":\"EntryPoint\",\"urlTemplate\":\"https:\\\/\\\/embacarp.com\\\/ca\\\/?s={search_term_string}\"},\"query-input\":{\"@type\":\"PropertyValueSpecification\",\"valueRequired\":true,\"valueName\":\"search_term_string\"}}],\"inLanguage\":\"ca\"},{\"@type\":\"Organization\",\"@id\":\"https:\\\/\\\/embacarp.com\\\/ca\\\/#organization\",\"name\":\"Embacarp S.L.U.\",\"url\":\"https:\\\/\\\/embacarp.com\\\/ca\\\/\",\"logo\":{\"@type\":\"ImageObject\",\"inLanguage\":\"ca\",\"@id\":\"https:\\\/\\\/embacarp.com\\\/ca\\\/#\\\/schema\\\/logo\\\/image\\\/\",\"url\":\"https:\\\/\\\/embacarp.com\\\/wp-content\\\/uploads\\\/2020\\\/05\\\/logoembacarp.png\",\"contentUrl\":\"https:\\\/\\\/embacarp.com\\\/wp-content\\\/uploads\\\/2020\\\/05\\\/logoembacarp.png\",\"width\":519,\"height\":83,\"caption\":\"Embacarp S.L.U.\"},\"image\":{\"@id\":\"https:\\\/\\\/embacarp.com\\\/ca\\\/#\\\/schema\\\/logo\\\/image\\\/\"}}]}<\/script>\n<!-- \/ Yoast SEO plugin. -->","yoast_head_json":{"title":"Productes i solucions - Embacarp","robots":{"index":"index","follow":"follow","max-snippet":"max-snippet:-1","max-image-preview":"max-image-preview:large","max-video-preview":"max-video-preview:-1"},"canonical":"https:\/\/embacarp.com\/ca\/productes-i-solucions\/","og_locale":"ca_ES","og_type":"article","og_title":"Productes i solucions - Embacarp","og_url":"https:\/\/embacarp.com\/ca\/productes-i-solucions\/","og_site_name":"Embacarp","article_modified_time":"2025-09-09T10:28:58+00:00","og_image":[{"width":2560,"height":1706,"url":"https:\/\/embacarp.com\/wp-content\/uploads\/2020\/05\/shutterstock_1488519359-scaled-1.jpg","type":"image\/jpeg"}],"twitter_card":"summary_large_image","twitter_misc":{"Temps estimat de lectura":"4 minuts"},"schema":{"@context":"https:\/\/schema.org","@graph":[{"@type":"WebPage","@id":"https:\/\/embacarp.com\/ca\/productes-i-solucions\/","url":"https:\/\/embacarp.com\/ca\/productes-i-solucions\/","name":"Productes i solucions - Embacarp","isPartOf":{"@id":"https:\/\/embacarp.com\/ca\/#website"},"primaryImageOfPage":{"@id":"https:\/\/embacarp.com\/ca\/productes-i-solucions\/#primaryimage"},"image":{"@id":"https:\/\/embacarp.com\/ca\/productes-i-solucions\/#primaryimage"},"thumbnailUrl":"https:\/\/embacarp.com\/wp-content\/uploads\/2020\/05\/shutterstock_1488519359-scaled-1-1024x682.jpg","datePublished":"2025-09-09T09:06:15+00:00","dateModified":"2025-09-09T10:28:58+00:00","breadcrumb":{"@id":"https:\/\/embacarp.com\/ca\/productes-i-solucions\/#breadcrumb"},"inLanguage":"ca","potentialAction":[{"@type":"ReadAction","target":["https:\/\/embacarp.com\/ca\/productes-i-solucions\/"]}]},{"@type":"ImageObject","inLanguage":"ca","@id":"https:\/\/embacarp.com\/ca\/productes-i-solucions\/#primaryimage","url":"https:\/\/embacarp.com\/wp-content\/uploads\/2020\/05\/shutterstock_1488519359-scaled-1-1024x682.jpg","contentUrl":"https:\/\/embacarp.com\/wp-content\/uploads\/2020\/05\/shutterstock_1488519359-scaled-1-1024x682.jpg"},{"@type":"BreadcrumbList","@id":"https:\/\/embacarp.com\/ca\/productes-i-solucions\/#breadcrumb","itemListElement":[{"@type":"ListItem","position":1,"name":"Portada","item":"https:\/\/embacarp.com\/ca\/"},{"@type":"ListItem","position":2,"name":"Productes i solucions"}]},{"@type":"WebSite","@id":"https:\/\/embacarp.com\/ca\/#website","url":"https:\/\/embacarp.com\/ca\/","name":"Embacarp","description":"Embacarp fabrica embalajes de madera certificados NIMF-15: cajas, palets y soluciones industriales a medida para transporte seguro y sostenible.","publisher":{"@id":"https:\/\/embacarp.com\/ca\/#organization"},"potentialAction":[{"@type":"SearchAction","target":{"@type":"EntryPoint","urlTemplate":"https:\/\/embacarp.com\/ca\/?s={search_term_string}"},"query-input":{"@type":"PropertyValueSpecification","valueRequired":true,"valueName":"search_term_string"}}],"inLanguage":"ca"},{"@type":"Organization","@id":"https:\/\/embacarp.com\/ca\/#organization","name":"Embacarp S.L.U.","url":"https:\/\/embacarp.com\/ca\/","logo":{"@type":"ImageObject","inLanguage":"ca","@id":"https:\/\/embacarp.com\/ca\/#\/schema\/logo\/image\/","url":"https:\/\/embacarp.com\/wp-content\/uploads\/2020\/05\/logoembacarp.png","contentUrl":"https:\/\/embacarp.com\/wp-content\/uploads\/2020\/05\/logoembacarp.png","width":519,"height":83,"caption":"Embacarp S.L.U."},"image":{"@id":"https:\/\/embacarp.com\/ca\/#\/schema\/logo\/image\/"}}]}},"_links":{"self":[{"href":"https:\/\/embacarp.com\/ca\/wp-json\/wp\/v2\/pages\/677","targetHints":{"allow":["GET"]}}],"collection":[{"href":"https:\/\/embacarp.com\/ca\/wp-json\/wp\/v2\/pages"}],"about":[{"href":"https:\/\/embacarp.com\/ca\/wp-json\/wp\/v2\/types\/page"}],"author":[{"embeddable":true,"href":"https:\/\/embacarp.com\/ca\/wp-json\/wp\/v2\/users\/1"}],"replies":[{"embeddable":true,"href":"https:\/\/embacarp.com\/ca\/wp-json\/wp\/v2\/comments?post=677"}],"version-history":[{"count":2,"href":"https:\/\/embacarp.com\/ca\/wp-json\/wp\/v2\/pages\/677\/revisions"}],"predecessor-version":[{"id":739,"href":"https:\/\/embacarp.com\/ca\/wp-json\/wp\/v2\/pages\/677\/revisions\/739"}],"wp:attachment":[{"href":"https:\/\/embacarp.com\/ca\/wp-json\/wp\/v2\/media?parent=677"}],"curies":[{"name":"wp","href":"https:\/\/api.w.org\/{rel}","templated":true}]}}